
{"id":83,"date":"2022-09-13T16:39:27","date_gmt":"2022-09-13T20:39:27","guid":{"rendered":"https:\/\/pimlico.wpengine.com\/?page_id=83"},"modified":"2025-11-12T12:06:12","modified_gmt":"2025-11-12T17:06:12","slug":"nuestra-comunidad","status":"publish","type":"page","link":"https:\/\/wearefrederick.org\/es\/our-community\/","title":{"rendered":"Nuestra Comunidad"},"content":{"rendered":"<div id=\"fws_69ef584fb1702\"  data-column-margin=\"10px\" data-midnight=\"light\"  class=\"wpb_row vc_row-fluid vc_row full-width-section has-row-bg-color vc_row-o-equal-height vc_row-flex vc_row-o-content-middle\"  style=\"padding-top: 0px; padding-bottom: 0px; --row-bg-color: #0a149f;\"><div class=\"row-bg-wrap\" data-bg-animation=\"none\" data-bg-animation-delay=\"\" data-bg-overlay=\"false\"><div class=\"inner-wrap row-bg-layer\" ><div class=\"row-bg viewport-desktop using-bg-color\"  style=\"background-color: #0a149f; \"><\/div><\/div><\/div><div class=\"row_col_wrap_12 col span_12 light right\">\n\t<div  class=\"vc_col-sm-6 vc_col-xs-12 wpb_column column_container vc_column_container col padding-8-percent force-phone-text-align-center inherit_tablet padding-2-percent_phone\"  data-padding-pos=\"all\" data-has-bg-color=\"false\" data-bg-color=\"\" data-bg-opacity=\"1\" data-animation=\"\" data-delay=\"0\" >\n\t\t<div class=\"vc_column-inner\" >\n\t\t\t<div class=\"wpb_wrapper\">\n\t\t\t\t\n<div class=\"wpb_text_column wpb_content_element\" >\n\t<h1>Nuestra Comunidad<\/h1>\n<\/div>\n\n\n\n\n\t\t\t<\/div> \n\t\t<\/div>\n\t<\/div> \n\n\t<div style=\"\" class=\"vc_col-sm-3 vc_col-xs-6 wpb_column column_container vc_column_container col no-extra-padding inherit_tablet padding-8-percent_phone\" data-using-bg=\"true\" data-bg-cover=\"true\" data-padding-pos=\"all\" data-has-bg-color=\"false\" data-bg-color=\"\" data-bg-opacity=\"1\" data-animation=\"\" data-delay=\"0\" >\n\t\t<div class=\"vc_column-inner\" ><div class=\"column-image-bg-wrap column-bg-layer viewport-desktop\" data-bg-pos=\"center center\" data-bg-animation=\"none\" data-bg-overlay=\"false\"><div class=\"inner-wrap\"><div class=\"column-image-bg\" style=\" background-image: url('https:\/\/wearefrederick.org\/wp-content\/uploads\/2024\/10\/Frederick459.jpg'); \"><\/div><\/div><\/div>\n\t\t\t<div class=\"wpb_wrapper\">\n\t\t\t\t\n\t\t\t<\/div> \n\t\t<\/div>\n\t<\/div> \n\n\t<div style=\"\" class=\"vc_col-sm-3 vc_col-xs-6 wpb_column column_container vc_column_container col no-extra-padding inherit_tablet padding-8-percent_phone\" data-using-bg=\"true\" data-bg-cover=\"true\" data-padding-pos=\"all\" data-has-bg-color=\"false\" data-bg-color=\"\" data-bg-opacity=\"1\" data-animation=\"\" data-delay=\"0\" >\n\t\t<div class=\"vc_column-inner\" ><div class=\"column-image-bg-wrap column-bg-layer viewport-desktop\" data-bg-pos=\"center center\" data-bg-animation=\"none\" data-bg-overlay=\"false\"><div class=\"inner-wrap\"><div class=\"column-image-bg\" style=\" background-image: url('https:\/\/wearefrederick.org\/wp-content\/uploads\/2024\/10\/Frederick282.jpg'); \"><\/div><\/div><\/div>\n\t\t\t<div class=\"wpb_wrapper\">\n\t\t\t\t\n\t\t\t<\/div> \n\t\t<\/div>\n\t<\/div> \n<\/div><\/div>\n\t\t<div id=\"home\"  data-column-margin=\"30px\" data-midnight=\"dark\"  class=\"wpb_row vc_row-fluid vc_row full-width-content has-row-bg-color vc_row-o-equal-height vc_row-flex vc_row-o-content-middle  top_margin_0px scale_desktop_1-06 reverse_columns_column_tablet reverse_columns_column_phone top_padding_tablet_8pct bottom_padding_tablet_8pct\"  style=\"padding-top: 0px; padding-bottom: 0px; --row-bg-color: #ffffff;\"><div class=\"row-bg-wrap\" data-bg-animation=\"none\" data-bg-animation-delay=\"\" data-bg-overlay=\"false\"><div class=\"inner-wrap row-bg-layer\" ><div class=\"row-bg viewport-desktop using-bg-color\"  style=\"background-color: #ffffff; \"><\/div><\/div><\/div><div class=\"row_col_wrap_12 col span_12 dark left\">\n\t<div style=\"z-index: 100; \" class=\"vc_col-sm-6 vc_col-xs-12 wpb_column column_container vc_column_container col padding-3-percent el_spacing_10px no-extra-padding_tablet no-extra-padding_phone\"  data-padding-pos=\"all\" data-has-bg-color=\"false\" data-bg-color=\"\" data-bg-opacity=\"1\" data-animation=\"\" data-delay=\"0\" >\n\t\t<div class=\"vc_column-inner\" >\n\t\t\t<div class=\"wpb_wrapper\">\n\t\t\t\t<div class=\"img-with-aniamtion-wrap\" data-max-width=\"100%\" data-max-width-mobile=\"default\" data-shadow=\"none\" data-animation=\"none\" >\n      <div class=\"inner\">\n        <div class=\"hover-wrap\"> \n          <div class=\"hover-wrap-inner\">\n            <img loading=\"lazy\" decoding=\"async\" class=\"img-with-animation skip-lazy\" data-delay=\"0\" height=\"533\" width=\"799\" data-animation=\"none\" src=\"https:\/\/wearefrederick.org\/wp-content\/uploads\/2024\/10\/51187190461_13ef8b18df_c.jpg\" alt=\"\" srcset=\"https:\/\/wearefrederick.org\/wp-content\/uploads\/2024\/10\/51187190461_13ef8b18df_c.jpg 799w, https:\/\/wearefrederick.org\/wp-content\/uploads\/2024\/10\/51187190461_13ef8b18df_c-300x200.jpg 300w, https:\/\/wearefrederick.org\/wp-content\/uploads\/2024\/10\/51187190461_13ef8b18df_c-768x512.jpg 768w, https:\/\/wearefrederick.org\/wp-content\/uploads\/2024\/10\/51187190461_13ef8b18df_c-18x12.jpg 18w, https:\/\/wearefrederick.org\/wp-content\/uploads\/2024\/10\/51187190461_13ef8b18df_c-200x133.jpg 200w, https:\/\/wearefrederick.org\/wp-content\/uploads\/2024\/10\/51187190461_13ef8b18df_c-600x400.jpg 600w\" sizes=\"auto, (max-width: 799px) 100vw, 799px\" \/>\n          <\/div>\n        <\/div>\n        \n      <\/div>\n    <\/div>\n\t\t\t<\/div> \n\t\t<\/div>\n\t<\/div> \n\n\t<div  class=\"vc_col-sm-6 wpb_column column_container vc_column_container col padding-5-percent inherit_tablet inherit_phone\"  data-padding-pos=\"right\" data-has-bg-color=\"false\" data-bg-color=\"\" data-bg-opacity=\"1\" data-animation=\"\" data-delay=\"0\" >\n\t\t<div class=\"vc_column-inner\" >\n\t\t\t<div class=\"wpb_wrapper\">\n\t\t\t\t<div class=\"divider-wrap\" data-alignment=\"default\"><div style=\"height: 25px;\" class=\"divider\"><\/div><\/div>\n<div class=\"wpb_text_column wpb_content_element  text_direction_ltr\" >\n\t<h2><span style=\"color: #0a149f;\">Tu escuela de barrio<\/span><\/h2>\n<p>La escuela primaria Frederick #260 ha servido a la comunidad de West Baltimore desde 1983, cuando la escuela abri\u00f3 por primera vez como una escuela p\u00fablica tradicional.<\/p>\n<p>En 2016, la escuela primaria Frederick y la escuela primaria Samuel FB Morse se fusionaron como parte del plan de construcci\u00f3n de escuelas del siglo XXI de las escuelas p\u00fablicas de la ciudad de Baltimore. Al mismo tiempo, la escuela primaria Frederick se convirti\u00f3 en una escuela aut\u00f3noma operada por <a href=\"https:\/\/www.baltimorecp.org\/\">Baltimore Curriculum Project<\/a> (BCP), marcando el inicio de un nuevo cap\u00edtulo en la historia de nuestra escuela.<\/p>\n<p>En el oto\u00f1o de 2017, nos mudamos a un edificio escolar recientemente renovado con aulas e instalaciones modernas, lo que les brinda a nuestros estudiantes acceso a un entorno de aprendizaje de alta calidad. Desde que se convirti\u00f3 en una escuela aut\u00f3noma, Frederick Elementary (FES) ha seguido creciendo y mejorando, brindando un lugar seguro y de apoyo para que los estudiantes aprendan y tengan \u00e9xito.<\/p>\n<\/div>\n\n\n\n\n\t\t\t<\/div> \n\t\t<\/div>\n\t<\/div> \n<\/div><\/div>\n\t\t<div id=\"fws_69ef584fb32d1\"  data-column-margin=\"default\" data-midnight=\"dark\"  class=\"wpb_row vc_row-fluid vc_row vc_row-o-equal-height vc_row-flex vc_row-o-content-middle\"  style=\"padding-top: 20px; padding-bottom: 0px; \"><div class=\"row-bg-wrap\" data-bg-animation=\"none\" data-bg-animation-delay=\"\" data-bg-overlay=\"false\"><div class=\"inner-wrap row-bg-layer\" ><div class=\"row-bg viewport-desktop\"  style=\"\"><\/div><\/div><\/div><div class=\"row_col_wrap_12 col span_12 dark center\">\n\t<div  class=\"vc_col-sm-8 wpb_column column_container vc_column_container col padding-3-percent inherit_tablet inherit_phone\"  data-padding-pos=\"all\" data-has-bg-color=\"false\" data-bg-color=\"\" data-bg-opacity=\"1\" data-animation=\"\" data-delay=\"0\" >\n\t\t<div class=\"vc_column-inner\" >\n\t\t\t<div class=\"wpb_wrapper\">\n\t\t\t\t\n<div class=\"wpb_text_column wpb_content_element\" >\n\t<h2 style=\"text-align: left;\"><span style=\"color: #0a149f;\">Sirviendo a nuestra comunidad<\/span><\/h2>\n<p style=\"text-align: left;\">Nuestro coordinador de escuelas comunitarias a tiempo completo coordina los recursos para mejorar el aprendizaje de los estudiantes y crear familias m\u00e1s s\u00f3lidas y comunidades m\u00e1s saludables. Bon Secours, nuestra agencia l\u00edder de escuelas comunitarias, trabaja en estrecha colaboraci\u00f3n con nosotros para garantizar que todos los programas y actividades de extensi\u00f3n satisfagan las necesidades de la comunidad.<\/p>\n<p style=\"text-align: left;\">Bon Secours Community Works ofrece a las familias de FES los siguientes recursos:<\/p>\n<ul>\n<li style=\"text-align: left;\" aria-level=\"1\">Planificaci\u00f3n y apoyo familiar<\/li>\n<li style=\"text-align: left;\" aria-level=\"1\">Consejer\u00eda<\/li>\n<li style=\"text-align: left;\" aria-level=\"1\">Capacitaci\u00f3n y colocaci\u00f3n laboral<\/li>\n<li style=\"text-align: left;\" aria-level=\"1\">Capacitaci\u00f3n en inform\u00e1tica<\/li>\n<li style=\"text-align: left;\" aria-level=\"1\">Empleo juvenil<\/li>\n<li style=\"text-align: left;\" aria-level=\"1\">Clases para padres<\/li>\n<li style=\"text-align: left;\" aria-level=\"1\">Programa Early Head Start para ni\u00f1os de hasta 3 a\u00f1os<\/li>\n<li style=\"text-align: left;\" aria-level=\"1\">Prevenci\u00f3n de desalojos<\/li>\n<li style=\"text-align: left;\" aria-level=\"1\">Seguro de salud y beneficios<\/li>\n<li style=\"text-align: left;\" aria-level=\"1\">Administraci\u00f3n del dinero<\/li>\n<li style=\"text-align: left;\" aria-level=\"1\">Centro de recursos para mujeres<\/li>\n<li style=\"text-align: left;\" aria-level=\"1\">Capacitaci\u00f3n GED<\/li>\n<\/ul>\n<\/div>\n\n\n\n\n\t\t\t<\/div> \n\t\t<\/div>\n\t<\/div> \n\n\t<div  class=\"vc_col-sm-4 wpb_column column_container vc_column_container col no-extra-padding inherit_tablet inherit_phone\"  data-padding-pos=\"all\" data-has-bg-color=\"false\" data-bg-color=\"\" data-bg-opacity=\"1\" data-animation=\"\" data-delay=\"0\" >\n\t\t<div class=\"vc_column-inner\" >\n\t\t\t<div class=\"wpb_wrapper\">\n\t\t\t\t<div class=\"img-with-aniamtion-wrap  custom-size\" data-max-width=\"100%\" data-max-width-mobile=\"default\" data-shadow=\"none\" data-animation=\"fade-in\" >\n      <div class=\"inner\">\n        <div class=\"hover-wrap\"> \n          <div class=\"hover-wrap-inner\">\n            <img loading=\"lazy\" decoding=\"async\" class=\"img-with-animation skip-lazy\" data-delay=\"0\" height=\"800\" width=\"800\" data-animation=\"fade-in\" src=\"https:\/\/wearefrederick.org\/wp-content\/uploads\/2024\/10\/Justin-Brown-800x800.jpeg\" alt=\"\" srcset=\"https:\/\/wearefrederick.org\/wp-content\/uploads\/2024\/10\/Justin-Brown-800x800.jpeg 800w, https:\/\/wearefrederick.org\/wp-content\/uploads\/2024\/10\/Justin-Brown-150x150.jpeg 150w, https:\/\/wearefrederick.org\/wp-content\/uploads\/2024\/10\/Justin-Brown-600x600.jpeg 600w, https:\/\/wearefrederick.org\/wp-content\/uploads\/2024\/10\/Justin-Brown-140x140.jpeg 140w, https:\/\/wearefrederick.org\/wp-content\/uploads\/2024\/10\/Justin-Brown-100x100.jpeg 100w, https:\/\/wearefrederick.org\/wp-content\/uploads\/2024\/10\/Justin-Brown-500x500.jpeg 500w, https:\/\/wearefrederick.org\/wp-content\/uploads\/2024\/10\/Justin-Brown-350x350.jpeg 350w\" sizes=\"auto, (max-width: 800px) 100vw, 800px\" \/>\n          <\/div>\n        <\/div>\n        \n      <\/div>\n    <\/div>\n<div class=\"wpb_text_column wpb_content_element\" >\n\t<p>Justin Brown, coordinador de la escuela comunitaria<\/p>\n<p><a href=\"mailto:justin.brown@wearefrederick.org\" target=\"_blank\" rel=\"noopener\">justin.brown@wearefrederick.<wbr \/>org<\/a><\/p>\n<p>410-396-0830<\/p>\n<\/div>\n\n\n\n\n\t\t\t<\/div> \n\t\t<\/div>\n\t<\/div> \n<\/div><\/div>\n\t\t<div id=\"home\"  data-column-margin=\"90px\" data-midnight=\"light\"  class=\"wpb_row vc_row-fluid vc_row full-width-section has-row-bg-color vc_row-o-equal-height vc_row-flex vc_row-o-content-middle  top_padding_tablet_8pct bottom_padding_tablet_8pct\"  style=\"padding-top: 0px; padding-bottom: 0px; --row-bg-color: #0a149f;\"><div class=\"row-bg-wrap\" data-bg-animation=\"none\" data-bg-animation-delay=\"\" data-bg-overlay=\"false\"><div class=\"inner-wrap row-bg-layer\" ><div class=\"row-bg viewport-desktop using-bg-color\"  style=\"background-color: #0a149f; \"><\/div><\/div><\/div><div class=\"row_col_wrap_12 col span_12 light left\">\n\t<div style=\"z-index: 100; \" class=\"vc_col-sm-6 vc_col-xs-12 wpb_column column_container vc_column_container col padding-3-percent el_spacing_10px no-extra-padding_tablet no-extra-padding_phone\"  data-padding-pos=\"all\" data-has-bg-color=\"false\" data-bg-color=\"\" data-bg-opacity=\"1\" data-animation=\"\" data-delay=\"0\" >\n\t\t<div class=\"vc_column-inner\" >\n\t\t\t<div class=\"wpb_wrapper\">\n\t\t\t\t\n<div class=\"wpb_text_column wpb_content_element\" >\n\t<p>Como dice el proverbio africano: \u201cSe necesita una aldea para criar a un ni\u00f1o\u201d. De manera similar, se necesita una comunidad para nutrir una escuela. FES y nuestros socios comunitarios trabajan juntos para defender nuestra misi\u00f3n ofreciendo recursos significativos, relevantes y atractivos para nuestros estudiantes, familias y personal.<\/p>\n<p>Nuestros socios comunitarios son:<\/p>\n<ul>\n<li>Bon Secours Community Works<\/li>\n<li>Caridades Cat\u00f3licas Asociadas de Baltimore, Villa Mar\u00eda Behavioral Health<\/li>\n<li>Kaiser Permanente del Atl\u00e1ntico Medio<\/li>\n<li>Liga de Familias de Baltimore<\/li>\n<\/ul>\n<\/div>\n\n\n\n\n\t\t\t<\/div> \n\t\t<\/div>\n\t<\/div> \n\n\t<div style=\"\" class=\"vc_col-sm-6 vc_col-xs-12 wpb_column column_container vc_column_container col no-extra-padding inherit_tablet inherit_phone\" data-using-bg=\"true\" data-bg-cover=\"true\" data-padding-pos=\"all\" data-has-bg-color=\"false\" data-bg-color=\"\" data-bg-opacity=\"1\" data-animation=\"\" data-delay=\"0\" >\n\t\t<div class=\"vc_column-inner\" ><div class=\"column-image-bg-wrap column-bg-layer viewport-desktop\" data-bg-pos=\"center center\" data-bg-animation=\"none\" data-bg-overlay=\"false\"><div class=\"inner-wrap\"><div class=\"column-image-bg\" style=\" background-image: url('https:\/\/wearefrederick.org\/wp-content\/uploads\/2024\/10\/Frederick179.jpg'); \"><\/div><\/div><\/div>\n\t\t\t<div class=\"wpb_wrapper\">\n\t\t\t\t<div class=\"divider-wrap height_tablet_40vh height_phone_300px\" data-alignment=\"default\"><div style=\"height: 50vh;\" class=\"divider\"><\/div><\/div>\n\t\t\t<\/div> \n\t\t<\/div>\n\t<\/div> \n<\/div><\/div>\n\t\t<div id=\"steps\"  data-column-margin=\"default\" data-midnight=\"dark\" data-top-percent=\"5%\" data-bottom-percent=\"5%\"  class=\"wpb_row vc_row-fluid vc_row full-width-section has-row-bg-color vc_row-o-equal-height vc_row-flex vc_row-o-content-middle  reverse_columns_column_tablet reverse_columns_column_phone\"  style=\"padding-top: calc(100vw * 0.05); padding-bottom: calc(100vw * 0.05); --row-bg-color: #ffffff;\"><div class=\"row-bg-wrap\" data-bg-animation=\"none\" data-bg-animation-delay=\"\" data-bg-overlay=\"false\"><div class=\"inner-wrap row-bg-layer\" ><div class=\"row-bg viewport-desktop using-bg-color\"  style=\"background-color: #ffffff; \"><\/div><\/div><\/div><div class=\"row_col_wrap_12 col span_12 dark left\">\n\t<div  class=\"vc_col-sm-12 wpb_column column_container vc_column_container col no-extra-padding inherit_tablet inherit_phone\"  data-padding-pos=\"all\" data-has-bg-color=\"false\" data-bg-color=\"\" data-bg-opacity=\"1\" data-animation=\"\" data-delay=\"0\" >\n\t\t<div class=\"vc_column-inner\" >\n\t\t\t<div class=\"wpb_wrapper\">\n\t\t\t\t\n<div class=\"wpb_text_column wpb_content_element\" >\n\t<p>En FES, nuestra comunidad desempe\u00f1a un papel importante en nuestro \u00e9xito. Los estudiantes, las familias, los maestros y el personal trabajan juntos para crear una escuela positiva y acogedora.<\/p>\n<\/div>\n\n\n\n\n\t\t\t<\/div> \n\t\t<\/div>\n\t<\/div> \n\n\t<div  class=\"vc_col-sm-5 vc_col-xs-12 wpb_column column_container vc_column_container col no-extra-padding inherit_tablet inherit_phone\"  data-padding-pos=\"all\" data-has-bg-color=\"false\" data-bg-color=\"\" data-bg-opacity=\"1\" data-animation=\"\" data-delay=\"0\" >\n\t\t<div class=\"vc_column-inner\" >\n\t\t\t<div class=\"wpb_wrapper\">\n\t\t\t\t<div class=\"img-with-aniamtion-wrap\" data-max-width=\"100%\" data-max-width-mobile=\"default\" data-shadow=\"none\" data-animation=\"fade-in\" >\n      <div class=\"inner\">\n        <div class=\"hover-wrap\"> \n          <div class=\"hover-wrap-inner\">\n            <img loading=\"lazy\" decoding=\"async\" class=\"img-with-animation skip-lazy\" data-delay=\"0\" height=\"1659\" width=\"2400\" data-animation=\"fade-in\" src=\"https:\/\/wearefrederick.org\/wp-content\/uploads\/2024\/10\/Frederick453.jpg\" alt=\"\" srcset=\"https:\/\/wearefrederick.org\/wp-content\/uploads\/2024\/10\/Frederick453.jpg 2400w, https:\/\/wearefrederick.org\/wp-content\/uploads\/2024\/10\/Frederick453-300x207.jpg 300w, https:\/\/wearefrederick.org\/wp-content\/uploads\/2024\/10\/Frederick453-1024x708.jpg 1024w, https:\/\/wearefrederick.org\/wp-content\/uploads\/2024\/10\/Frederick453-768x531.jpg 768w, https:\/\/wearefrederick.org\/wp-content\/uploads\/2024\/10\/Frederick453-1536x1062.jpg 1536w, https:\/\/wearefrederick.org\/wp-content\/uploads\/2024\/10\/Frederick453-2048x1416.jpg 2048w, https:\/\/wearefrederick.org\/wp-content\/uploads\/2024\/10\/Frederick453-18x12.jpg 18w, https:\/\/wearefrederick.org\/wp-content\/uploads\/2024\/10\/Frederick453-200x138.jpg 200w\" sizes=\"auto, (max-width: 2400px) 100vw, 2400px\" \/>\n          <\/div>\n        <\/div>\n        \n      <\/div>\n    <\/div>\n\t\t\t<\/div> \n\t\t<\/div>\n\t<\/div> \n\n\t<div  class=\"vc_col-sm-5 vc_col-xs-12 wpb_column column_container vc_column_container col padding-3-percent inherit_tablet inherit_phone\"  data-padding-pos=\"all\" data-has-bg-color=\"false\" data-bg-color=\"\" data-bg-opacity=\"1\" data-animation=\"\" data-delay=\"0\" >\n\t\t<div class=\"vc_column-inner\" >\n\t\t\t<div class=\"wpb_wrapper\">\n\t\t\t\t\n<div class=\"wpb_text_column wpb_content_element\" >\n\t<h2><span style=\"color: #0a149f;\">Grupo de liderazgo de padres (PLG)<\/span><\/h2>\n<p>El PLG en la escuela primaria Frederick es una forma en que las familias pueden aportar ideas sobre las decisiones escolares y planificar actividades para los padres. Las actividades para padres han incluido organizar un caf\u00e9 para padres, donde los padres discutieron estrategias de crianza y soluciones a problemas comunes mientras tomaban un caf\u00e9, y presentar un programa de comedia titulado \u201cUna casa no es un hogar\u201d con un enfoque de pr\u00e1ctica restaurativa.<\/p>\n<\/div>\n\n\n\n\n\t\t\t<\/div> \n\t\t<\/div>\n\t<\/div> \n<\/div><\/div>\n\t\t<div id=\"steps\"  data-column-margin=\"default\" data-midnight=\"dark\"  class=\"wpb_row vc_row-fluid vc_row full-width-section has-row-bg-color vc_row-o-equal-height vc_row-flex vc_row-o-content-middle  reverse_columns_column_tablet reverse_columns_column_phone\"  style=\"padding-top: 0px; padding-bottom: 0px; --row-bg-color: #ffffff;\"><div class=\"row-bg-wrap\" data-bg-animation=\"none\" data-bg-animation-delay=\"\" data-bg-overlay=\"false\"><div class=\"inner-wrap row-bg-layer\" ><div class=\"row-bg viewport-desktop using-bg-color\"  style=\"background-color: #ffffff; \"><\/div><\/div><\/div><div class=\"row_col_wrap_12 col span_12 dark left\">\n\t<div  class=\"vc_col-sm-6 wpb_column column_container vc_column_container col padding-5-percent inherit_tablet inherit_phone\"  data-padding-pos=\"all\" data-has-bg-color=\"false\" data-bg-color=\"\" data-bg-opacity=\"1\" data-animation=\"\" data-delay=\"0\" >\n\t\t<div class=\"vc_column-inner\" >\n\t\t\t<div class=\"wpb_wrapper\">\n\t\t\t\t\n<div class=\"wpb_text_column wpb_content_element\" >\n\t<h2><span style=\"color: #0a149f;\">Algunos hombres buenos<\/span><\/h2>\n<p>Un grupo de apoyo para padres y figuras paternas.<\/p>\n<p>Para obtener m\u00e1s informaci\u00f3n, comun\u00edquese con Contacto: Justin Brown, Coordinador de la Escuela Comunitaria al 410-396-0830.<\/p>\n<\/div>\n\n\n\n\n\t\t\t<\/div> \n\t\t<\/div>\n\t<\/div> \n\n\t<div  class=\"vc_col-sm-6 vc_col-xs-12 wpb_column column_container vc_column_container col padding-3-percent inherit_tablet inherit_phone\"  data-padding-pos=\"all\" data-has-bg-color=\"false\" data-bg-color=\"\" data-bg-opacity=\"1\" data-animation=\"\" data-delay=\"0\" >\n\t\t<div class=\"vc_column-inner\" >\n\t\t\t<div class=\"wpb_wrapper\">\n\t\t\t\t<div class=\"img-with-aniamtion-wrap\" data-max-width=\"100%\" data-max-width-mobile=\"default\" data-shadow=\"none\" data-animation=\"none\" >\n      <div class=\"inner\">\n        <div class=\"hover-wrap\"> \n          <div class=\"hover-wrap-inner\">\n            <img loading=\"lazy\" decoding=\"async\" class=\"img-with-animation skip-lazy\" data-delay=\"0\" height=\"1707\" width=\"2560\" data-animation=\"none\" src=\"https:\/\/wearefrederick.org\/wp-content\/uploads\/2024\/10\/2022-09-BCP-Branding-13-scaled.jpg\" alt=\"\" srcset=\"https:\/\/wearefrederick.org\/wp-content\/uploads\/2024\/10\/2022-09-BCP-Branding-13-scaled.jpg 2560w, https:\/\/wearefrederick.org\/wp-content\/uploads\/2024\/10\/2022-09-BCP-Branding-13-300x200.jpg 300w, https:\/\/wearefrederick.org\/wp-content\/uploads\/2024\/10\/2022-09-BCP-Branding-13-1024x683.jpg 1024w, https:\/\/wearefrederick.org\/wp-content\/uploads\/2024\/10\/2022-09-BCP-Branding-13-768x512.jpg 768w, https:\/\/wearefrederick.org\/wp-content\/uploads\/2024\/10\/2022-09-BCP-Branding-13-1536x1024.jpg 1536w, https:\/\/wearefrederick.org\/wp-content\/uploads\/2024\/10\/2022-09-BCP-Branding-13-2048x1365.jpg 2048w, https:\/\/wearefrederick.org\/wp-content\/uploads\/2024\/10\/2022-09-BCP-Branding-13-18x12.jpg 18w, https:\/\/wearefrederick.org\/wp-content\/uploads\/2024\/10\/2022-09-BCP-Branding-13-200x133.jpg 200w, https:\/\/wearefrederick.org\/wp-content\/uploads\/2024\/10\/2022-09-BCP-Branding-13-600x400.jpg 600w, https:\/\/wearefrederick.org\/wp-content\/uploads\/2024\/10\/2022-09-BCP-Branding-13-900x600.jpg 900w\" sizes=\"auto, (max-width: 2560px) 100vw, 2560px\" \/>\n          <\/div>\n        <\/div>\n        \n      <\/div>\n    <\/div>\n\t\t\t<\/div> \n\t\t<\/div>\n\t<\/div> \n<\/div><\/div>\n\t\t<div id=\"fws_69ef584fb5a28\"  data-column-margin=\"default\" data-midnight=\"dark\"  class=\"wpb_row vc_row-fluid vc_row\"  style=\"padding-top: 0px; padding-bottom: 0px; \"><div class=\"row-bg-wrap\" data-bg-animation=\"none\" data-bg-animation-delay=\"\" data-bg-overlay=\"false\"><div class=\"inner-wrap row-bg-layer\" ><div class=\"row-bg viewport-desktop\"  style=\"\"><\/div><\/div><\/div><div class=\"row_col_wrap_12 col span_12 dark left\">\n\t<div style=\" color: #93d500;\" class=\"vc_col-sm-12 wpb_column column_container vc_column_container col no-extra-padding inherit_tablet inherit_phone\" data-cfc=\"true\"  data-padding-pos=\"all\" data-has-bg-color=\"false\" data-bg-color=\"\" data-bg-opacity=\"1\" data-animation=\"\" data-delay=\"0\" >\n\t\t<div class=\"vc_column-inner\" >\n\t\t\t<div class=\"wpb_wrapper\">\n\t\t\t\t<div class=\"divider-wrap\" data-alignment=\"default\"><div style=\"margin-top: 12.5px; height: 3px; margin-bottom: 12.5px;\" data-width=\"100%\" data-animate=\"\" data-animation-delay=\"\" data-color=\"extra-color-1\" class=\"divider-border\"><\/div><\/div>\n<div class=\"wpb_text_column wpb_content_element  vc_custom_1762966269470\" >\n\t<div class=\"wpb_text_column wpb_content_element\">\n<div class=\"wpb_wrapper\">\n<h2 style=\"text-align: center;\">Apoyar el viaje de nuestros alumnos m\u00e1s all\u00e1 de Frederick Elementary<\/h2>\n<\/div>\n<\/div>\n<div class=\"wpb_text_column wpb_content_element\">\n<h2 class=\"wpb_wrapper\" style=\"text-align: center;\"><\/h2>\n<\/div>\n<\/div>\n\n\n\n\n\t\t\t<\/div> \n\t\t<\/div>\n\t<\/div> \n<\/div><\/div>\n\t\t<div id=\"fws_69ef584fb5ba5\"  data-column-margin=\"default\" data-midnight=\"dark\"  class=\"wpb_row vc_row-fluid vc_row\"  style=\"padding-top: 0px; padding-bottom: 0px; \"><div class=\"row-bg-wrap\" data-bg-animation=\"none\" data-bg-animation-delay=\"\" data-bg-overlay=\"false\"><div class=\"inner-wrap row-bg-layer\" ><div class=\"row-bg viewport-desktop\"  style=\"\"><\/div><\/div><\/div><div class=\"row_col_wrap_12 col span_12 dark left\">\n\t<div  class=\"vc_col-sm-6 wpb_column column_container vc_column_container col padding-2-percent inherit_tablet inherit_phone\"  data-padding-pos=\"all\" data-has-bg-color=\"false\" data-bg-color=\"\" data-bg-opacity=\"1\" data-animation=\"\" data-delay=\"0\" >\n\t\t<div class=\"vc_column-inner\" >\n\t\t\t<div class=\"wpb_wrapper\">\n\t\t\t\t<div class=\"img-with-aniamtion-wrap  custom-size\" data-max-width=\"100%\" data-max-width-mobile=\"default\" data-shadow=\"none\" data-animation=\"none\" >\n      <div class=\"inner\">\n        <div class=\"hover-wrap\"> \n          <div class=\"hover-wrap-inner\">\n            <img loading=\"lazy\" decoding=\"async\" class=\"img-with-animation skip-lazy\" data-delay=\"0\" height=\"512\" width=\"768\" data-animation=\"none\" src=\"https:\/\/wearefrederick.org\/wp-content\/uploads\/2025\/11\/Frederick_Graduation_083-768x512.jpeg\" alt=\"\" srcset=\"https:\/\/wearefrederick.org\/wp-content\/uploads\/2025\/11\/Frederick_Graduation_083-768x512.jpeg 768w, https:\/\/wearefrederick.org\/wp-content\/uploads\/2025\/11\/Frederick_Graduation_083-300x200.jpeg 300w, https:\/\/wearefrederick.org\/wp-content\/uploads\/2025\/11\/Frederick_Graduation_083-1024x683.jpeg 1024w, https:\/\/wearefrederick.org\/wp-content\/uploads\/2025\/11\/Frederick_Graduation_083-1536x1024.jpeg 1536w, https:\/\/wearefrederick.org\/wp-content\/uploads\/2025\/11\/Frederick_Graduation_083-2048x1365.jpeg 2048w, https:\/\/wearefrederick.org\/wp-content\/uploads\/2025\/11\/Frederick_Graduation_083-18x12.jpeg 18w, https:\/\/wearefrederick.org\/wp-content\/uploads\/2025\/11\/Frederick_Graduation_083-200x133.jpeg 200w, https:\/\/wearefrederick.org\/wp-content\/uploads\/2025\/11\/Frederick_Graduation_083-600x400.jpeg 600w, https:\/\/wearefrederick.org\/wp-content\/uploads\/2025\/11\/Frederick_Graduation_083-900x600.jpeg 900w\" sizes=\"auto, (max-width: 768px) 100vw, 768px\" \/>\n          <\/div>\n        <\/div>\n        \n      <\/div>\n    <\/div>\n\t\t\t<\/div> \n\t\t<\/div>\n\t<\/div> \n\n\t<div  class=\"vc_col-sm-6 wpb_column column_container vc_column_container col no-extra-padding inherit_tablet inherit_phone\"  data-padding-pos=\"all\" data-has-bg-color=\"false\" data-bg-color=\"\" data-bg-opacity=\"1\" data-animation=\"\" data-delay=\"0\" >\n\t\t<div class=\"vc_column-inner\" >\n\t\t\t<div class=\"wpb_wrapper\">\n\t\t\t\t\n<div class=\"wpb_text_column wpb_content_element\" >\n\t<p>Despu\u00e9s de salir de FES, nuestros estudiantes de 5\u00ba grado se embarcan en un viaje emocionante en su transici\u00f3n a la escuela intermedia. Esto es s\u00f3lo el comienzo de sus trayectorias educativas y profesionales, lo que les lleva a graduarse de la escuela secundaria y perseguir diversas oportunidades en la fuerza de trabajo o continuar su educaci\u00f3n en la universidad. Estamos orgullosos de cada paso que nuestros antiguos alumnos dan en su camino. Sus logros reflejan la s\u00f3lida base establecida en FES e inspiran a los estudiantes actuales a so\u00f1ar en grande y apuntar alto.<\/p>\n<\/div>\n\n\n\n\n<div class=\"wpb_text_column wpb_content_element\" >\n\t<h2>Mantente conectado<\/h2>\n<p>Invitamos a todos los antiguos alumnos a que sigan conectados y compartan sus logros con nosotros. Sus historias inspiran a los estudiantes actuales y nos ayudan a fortalecer nuestra comunidad.  Rellena este formulario de informaci\u00f3n sobre antiguos alumnos para que podamos seguir en contacto.<\/p>\n<\/div>\n\n\n\n<a class=\"nectar-button jumbo regular extra-color-2  regular-button\"  role=\"button\" style=\"background-color: #0a149f;\" target=\"_blank\" href=\"https:\/\/lp.constantcontactpages.com\/sl\/J7cA5FI\/bcpalum\" data-color-override=\"#0a149f\" data-hover-color-override=\"false\" data-hover-text-color-override=\"#fff\"><span>Informaci\u00f3n para antiguos alumnos <\/span><\/a>\n\t\t\t<\/div> \n\t\t<\/div>\n\t<\/div> \n<\/div><\/div>","protected":false},"excerpt":{"rendered":"Nuestra Comunidad, Tu Escuela Vecinal Frederick Elementary School #260 ha servido a la comunidad de West Baltimore desde 1983, cuando la escuela abri\u00f3 sus puertas por primera vez como una escuela p\u00fablica tradicional. En 2016, Frederick...","protected":false},"author":2,"featured_media":0,"parent":0,"menu_order":0,"comment_status":"closed","ping_status":"closed","template":"","meta":{"footnotes":""},"class_list":["post-83","page","type-page","status-publish"],"yoast_head":"<!-- This site is optimized with the Yoast SEO plugin v27.4 - https:\/\/yoast.com\/product\/yoast-seo-wordpress\/ -->\n<title>Our Community | Frederick Elementary School | Baltimore City Charter Schools<\/title>\n<meta name=\"description\" content=\"Public School #23 has served the Southeast Baltimore community since 1852, when the school first opened as a traditional public school.\" \/>\n<meta name=\"robots\" content=\"index, follow, max-snippet:-1, max-image-preview:large, max-video-preview:-1\" \/>\n<link rel=\"canonical\" href=\"https:\/\/wearefrederick.org\/es\/nuestra-comunidad\/\" \/>\n<meta property=\"og:locale\" content=\"es_ES\" \/>\n<meta property=\"og:type\" content=\"article\" \/>\n<meta property=\"og:title\" content=\"Our Community | Frederick Elementary School | Baltimore City Charter Schools\" \/>\n<meta property=\"og:description\" content=\"Public School #23 has served the Southeast Baltimore community since 1852, when the school first opened as a traditional public school.\" \/>\n<meta property=\"og:url\" content=\"https:\/\/wearefrederick.org\/es\/nuestra-comunidad\/\" \/>\n<meta property=\"og:site_name\" content=\"Frederick Elementary School\" \/>\n<meta property=\"article:publisher\" content=\"https:\/\/www.facebook.com\/Pimlico223\" \/>\n<meta property=\"article:modified_time\" content=\"2025-11-12T17:06:12+00:00\" \/>\n<meta name=\"twitter:card\" content=\"summary_large_image\" \/>\n<meta name=\"twitter:label1\" content=\"Est. reading time\" \/>\n\t<meta name=\"twitter:data1\" content=\"7 minutos\" \/>\n<script type=\"application\/ld+json\" class=\"yoast-schema-graph\">{\"@context\":\"https:\\\/\\\/schema.org\",\"@graph\":[{\"@type\":\"WebPage\",\"@id\":\"https:\\\/\\\/wearefrederick.org\\\/our-community\\\/\",\"url\":\"https:\\\/\\\/wearefrederick.org\\\/our-community\\\/\",\"name\":\"Our Community | Frederick Elementary School | Baltimore City Charter Schools\",\"isPartOf\":{\"@id\":\"https:\\\/\\\/wearefrederick.org\\\/#website\"},\"datePublished\":\"2022-09-13T20:39:27+00:00\",\"dateModified\":\"2025-11-12T17:06:12+00:00\",\"description\":\"Public School #23 has served the Southeast Baltimore community since 1852, when the school first opened as a traditional public school.\",\"breadcrumb\":{\"@id\":\"https:\\\/\\\/wearefrederick.org\\\/our-community\\\/#breadcrumb\"},\"inLanguage\":\"es\",\"potentialAction\":[{\"@type\":\"ReadAction\",\"target\":[\"https:\\\/\\\/wearefrederick.org\\\/our-community\\\/\"]}]},{\"@type\":\"BreadcrumbList\",\"@id\":\"https:\\\/\\\/wearefrederick.org\\\/our-community\\\/#breadcrumb\",\"itemListElement\":[{\"@type\":\"ListItem\",\"position\":1,\"name\":\"Home\",\"item\":\"https:\\\/\\\/wearefrederick.org\\\/\"},{\"@type\":\"ListItem\",\"position\":2,\"name\":\"Our Community\"}]},{\"@type\":\"WebSite\",\"@id\":\"https:\\\/\\\/wearefrederick.org\\\/#website\",\"url\":\"https:\\\/\\\/wearefrederick.org\\\/\",\"name\":\"Frederick Elementary School\",\"description\":\"A Neighborhood Charter School of Baltimore Curriculum Project\",\"publisher\":{\"@id\":\"https:\\\/\\\/wearefrederick.org\\\/#organization\"},\"potentialAction\":[{\"@type\":\"SearchAction\",\"target\":{\"@type\":\"EntryPoint\",\"urlTemplate\":\"https:\\\/\\\/wearefrederick.org\\\/?s={search_term_string}\"},\"query-input\":{\"@type\":\"PropertyValueSpecification\",\"valueRequired\":true,\"valueName\":\"search_term_string\"}}],\"inLanguage\":\"es\"},{\"@type\":\"Organization\",\"@id\":\"https:\\\/\\\/wearefrederick.org\\\/#organization\",\"name\":\"Frederick Elementary School\",\"url\":\"https:\\\/\\\/wearefrederick.org\\\/\",\"logo\":{\"@type\":\"ImageObject\",\"inLanguage\":\"es\",\"@id\":\"https:\\\/\\\/wearefrederick.org\\\/#\\\/schema\\\/logo\\\/image\\\/\",\"url\":\"https:\\\/\\\/wolfestreet.wpengine.com\\\/wp-content\\\/uploads\\\/2022\\\/09\\\/pimlico_logo_tagline.jpg\",\"contentUrl\":\"https:\\\/\\\/wolfestreet.wpengine.com\\\/wp-content\\\/uploads\\\/2022\\\/09\\\/pimlico_logo_tagline.jpg\",\"width\":488,\"height\":185,\"caption\":\"Frederick Elementary School\"},\"image\":{\"@id\":\"https:\\\/\\\/wearefrederick.org\\\/#\\\/schema\\\/logo\\\/image\\\/\"},\"sameAs\":[\"https:\\\/\\\/www.facebook.com\\\/Pimlico223\",\"https:\\\/\\\/www.instagram.com\\\/pimlico223\\\/\"]}]}<\/script>\n<!-- \/ Yoast SEO plugin. -->","yoast_head_json":{"title":"Nuestra comunidad | Escuela primaria Frederick | Escuelas aut\u00f3nomas de la ciudad de Baltimore","description":"La escuela p\u00fablica #23 ha prestado servicios a la comunidad del sudeste de Baltimore desde 1852, cuando la escuela abri\u00f3 por primera vez como una escuela p\u00fablica tradicional.","robots":{"index":"index","follow":"follow","max-snippet":"max-snippet:-1","max-image-preview":"max-image-preview:large","max-video-preview":"max-video-preview:-1"},"canonical":"https:\/\/wearefrederick.org\/es\/nuestra-comunidad\/","og_locale":"es_ES","og_type":"article","og_title":"Our Community | Frederick Elementary School | Baltimore City Charter Schools","og_description":"Public School #23 has served the Southeast Baltimore community since 1852, when the school first opened as a traditional public school.","og_url":"https:\/\/wearefrederick.org\/es\/nuestra-comunidad\/","og_site_name":"Frederick Elementary School","article_publisher":"https:\/\/www.facebook.com\/Pimlico223","article_modified_time":"2025-11-12T17:06:12+00:00","twitter_card":"summary_large_image","twitter_misc":{"Est. reading time":"7 minutos"},"schema":{"@context":"https:\/\/schema.org","@graph":[{"@type":"WebPage","@id":"https:\/\/wearefrederick.org\/our-community\/","url":"https:\/\/wearefrederick.org\/our-community\/","name":"Nuestra comunidad | Escuela primaria Frederick | Escuelas aut\u00f3nomas de la ciudad de Baltimore","isPartOf":{"@id":"https:\/\/wearefrederick.org\/#website"},"datePublished":"2022-09-13T20:39:27+00:00","dateModified":"2025-11-12T17:06:12+00:00","description":"La escuela p\u00fablica #23 ha prestado servicios a la comunidad del sudeste de Baltimore desde 1852, cuando la escuela abri\u00f3 por primera vez como una escuela p\u00fablica tradicional.","breadcrumb":{"@id":"https:\/\/wearefrederick.org\/our-community\/#breadcrumb"},"inLanguage":"es","potentialAction":[{"@type":"ReadAction","target":["https:\/\/wearefrederick.org\/our-community\/"]}]},{"@type":"BreadcrumbList","@id":"https:\/\/wearefrederick.org\/our-community\/#breadcrumb","itemListElement":[{"@type":"ListItem","position":1,"name":"Home","item":"https:\/\/wearefrederick.org\/"},{"@type":"ListItem","position":2,"name":"Our Community"}]},{"@type":"WebSite","@id":"https:\/\/wearefrederick.org\/#website","url":"https:\/\/wearefrederick.org\/","name":"Frederick Elementary School","description":"Un proyecto curricular de la Neighborhood Charter School de Baltimore","publisher":{"@id":"https:\/\/wearefrederick.org\/#organization"},"potentialAction":[{"@type":"SearchAction","target":{"@type":"EntryPoint","urlTemplate":"https:\/\/wearefrederick.org\/?s={search_term_string}"},"query-input":{"@type":"PropertyValueSpecification","valueRequired":true,"valueName":"search_term_string"}}],"inLanguage":"es"},{"@type":"Organization","@id":"https:\/\/wearefrederick.org\/#organization","name":"Frederick Elementary School","url":"https:\/\/wearefrederick.org\/","logo":{"@type":"ImageObject","inLanguage":"es","@id":"https:\/\/wearefrederick.org\/#\/schema\/logo\/image\/","url":"https:\/\/wolfestreet.wpengine.com\/wp-content\/uploads\/2022\/09\/pimlico_logo_tagline.jpg","contentUrl":"https:\/\/wolfestreet.wpengine.com\/wp-content\/uploads\/2022\/09\/pimlico_logo_tagline.jpg","width":488,"height":185,"caption":"Frederick Elementary School"},"image":{"@id":"https:\/\/wearefrederick.org\/#\/schema\/logo\/image\/"},"sameAs":["https:\/\/www.facebook.com\/Pimlico223","https:\/\/www.instagram.com\/pimlico223\/"]}]}},"featured_image_src":null,"featured_image_src_square":null,"_links":{"self":[{"href":"https:\/\/wearefrederick.org\/es\/wp-json\/wp\/v2\/pages\/83","targetHints":{"allow":["GET"]}}],"collection":[{"href":"https:\/\/wearefrederick.org\/es\/wp-json\/wp\/v2\/pages"}],"about":[{"href":"https:\/\/wearefrederick.org\/es\/wp-json\/wp\/v2\/types\/page"}],"author":[{"embeddable":true,"href":"https:\/\/wearefrederick.org\/es\/wp-json\/wp\/v2\/users\/2"}],"replies":[{"embeddable":true,"href":"https:\/\/wearefrederick.org\/es\/wp-json\/wp\/v2\/comments?post=83"}],"version-history":[{"count":0,"href":"https:\/\/wearefrederick.org\/es\/wp-json\/wp\/v2\/pages\/83\/revisions"}],"wp:attachment":[{"href":"https:\/\/wearefrederick.org\/es\/wp-json\/wp\/v2\/media?parent=83"}],"curies":[{"name":"wp","href":"https:\/\/api.w.org\/{rel}","templated":true}]}}